{"id":19725,"date":"2023-12-15T10:01:57","date_gmt":"2023-12-15T09:01:57","guid":{"rendered":"http:\/\/restauranteabrassame.com\/avis-legal\/"},"modified":"2024-02-28T22:52:58","modified_gmt":"2024-02-28T21:52:58","slug":"avis-legal","status":"publish","type":"page","link":"https:\/\/restauranteabrassame.com\/ca\/avis-legal\/","title":{"rendered":"Av\u00eds Legal"},"content":{"rendered":"\t\t<div data-elementor-type=\"wp-page\" data-elementor-id=\"19725\" class=\"elementor elementor-19725 elementor-19561\" data-elementor-post-type=\"page\">\n\t\t\t\t\t\t<section class=\"elementor-section elementor-top-section elementor-element elementor-element-1f7fcdf elementor-section-boxed elementor-section-height-default elementor-section-height-default sc_fly_static\" data-id=\"1f7fcdf\" data-element_type=\"section\">\n\t\t\t\t\t\t<div class=\"elementor-container elementor-column-gap-extended\">\n\t\t\t\t\t<div class=\"elementor-column elementor-col-100 elementor-top-column elementor-element elementor-element-7e60680 sc_content_align_inherit sc_layouts_column_icons_position_left sc_fly_static\" data-id=\"7e60680\" data-element_type=\"column\">\n\t\t\t<div class=\"elementor-widget-wrap elementor-element-populated\">\n\t\t\t\t\t\t<div class=\"elementor-element elementor-element-c6b6bcd sc_fly_static elementor-widget elementor-widget-heading\" data-id=\"c6b6bcd\" data-element_type=\"widget\" data-widget_type=\"heading.default\">\n\t\t\t\t<div class=\"elementor-widget-container\">\n\t\t\t\t\t<h2 class=\"elementor-heading-title elementor-size-default\">Av\u00eds Legal<\/h2>\t\t\t\t<\/div>\n\t\t\t\t<\/div>\n\t\t\t\t<div class=\"elementor-element elementor-element-4fc6b79 sc_fly_static elementor-widget elementor-widget-text-editor\" data-id=\"4fc6b79\" data-element_type=\"widget\" data-widget_type=\"text-editor.default\">\n\t\t\t\t<div class=\"elementor-widget-container\">\n\t\t\t\t\t\t\t\t\t<p><strong>Denominaci\u00f3 Social: <\/strong>ABRASSAME SL<strong><br \/><\/strong><\/p>\n<p><strong>Nom Comercial: <\/strong>Restaurant Abrassame<strong><br \/><\/strong><\/p>\n<p><strong>Domicili Social: <\/strong>Gran Via de les Corts Catalanes, 373 \u2013 385, 08015 Barcelona<strong><br \/><\/strong><\/p>\n<p><strong>CIF \/ NIF: <\/strong>B65733230<strong><br \/><\/strong><\/p>\n<p><strong>e-Mail: <\/strong>hola@abrassame.com<strong><br \/><\/strong><\/p>\n<p><strong> <\/strong><\/p>\n<p><strong>Objecte<\/strong><\/p>\n<p>El prestador, responsable del lloc web, posa a disposici\u00f3 dels usuaris el present document amb el qual pret\u00e9n donar compliment a les obligacions disposades en la Llei 34\/2002, de Serveis de la Societat de la Informaci\u00f3 i del Comer\u00e7 Electr\u00f2nic (LSSI-CE), aix\u00ed com informar a tots els usuaris del lloc web respecte a quines s\u00f3n les condicions d&#8217;\u00fas del lloc web.<\/p>\n<p>Tota persona que accedeixi a aquest lloc web assumeix el paper d&#8217;usuari, comprometent-se a l&#8217;observan\u00e7a i compliment rigor\u00f3s de les disposicions aqu\u00ed disposades, aix\u00ed com a qualsevol altra disposici\u00f3 legal que fos d&#8217;aplicaci\u00f3.<\/p>\n<p>El prestador es reserva el dret a modificar qualsevol tipus d&#8217;informaci\u00f3 que pogu\u00e9s apar\u00e8ixer al lloc web, sense que hi hagi obligaci\u00f3 de preavisar o posar en coneixement dels usuaris aquestes obligacions, entenent-se com a suficient amb la publicaci\u00f3 al lloc web del prestador.<\/p>\n<p><strong>Responsabilitat<\/strong><\/p>\n<p>El prestador s&#8217;eximeix de qualsevol tipus de responsabilitat derivada de la informaci\u00f3 publicada al seu lloc web, sempre que aquesta informaci\u00f3 hagi estat manipulada o introdu\u00efda per un tercer ali\u00e8 al mateix.<\/p>\n<p>El lloc web del prestador pot utilitzar cookies (petits arxius d&#8217;informaci\u00f3 que el servidor envia a l&#8217;ordinador de qui accedeix a la p\u00e0gina) per dur a terme determinades funcions que s\u00f3n considerades imprescindibles per al correcte funcionament i visualitzaci\u00f3 del lloc. Les cookies utilitzades en el lloc web tenen, en tot cas, car\u00e0cter temporal amb l&#8217;\u00fanica finalitat de fer m\u00e9s efica\u00e7 la seva transmissi\u00f3 ulterior i desapareixen en acabar la sessi\u00f3 de l&#8217;usuari. En cap cas s&#8217;utilitzaran les cookies per recollir informaci\u00f3 de car\u00e0cter personal, <u>veure informaci\u00f3 cookies<\/u>.<\/p>\n<p>Des del lloc web del client \u00e9s possible que es redirigi a continguts de tercers llocs web. At\u00e8s que el prestador no pot controlar sempre els continguts introdu\u00efts pels tercers en els seus llocs web, aquest no assumeix cap tipus de responsabilitat respecte a aquests continguts. En tot cas, el prestador manifesta que procedir\u00e0 a la retirada immediata de qualsevol contingut que pogu\u00e9s contravenir la legislaci\u00f3 nacional o internacional, la moral o l&#8217;ordre p\u00fablic, procedint a la retirada immediata de la redirecci\u00f3 a aquest lloc web, posant en coneixement de les autoritats competents el contingut en q\u00fcesti\u00f3.<\/p>\n<p>El prestador no es fa responsable de la informaci\u00f3 i continguts emmagatzemats, a t\u00edtol enunciatiu per\u00f2 no limitatiu, en f\u00f2rums, xat \u0301s, generadors de blogs, comentaris, xarxes socials o qualsevol altre mitj\u00e0 que permeti a tercers publicar continguts de forma independent a la p\u00e0gina web del prestador. No obstant aix\u00f2 i en compliment del que disposa l&#8217; art. ~ ~ ~ 11 i 16 de la LSSI-CE, el prestador es posa a disposici\u00f3 de tots els usuaris, autoritats i forces de seguretat, i col.laborant de forma activa en la retirada o en el seu cas bloqueig de tots aquells continguts que poguessin afectar o contravenir la legislaci\u00f3 nacional,  o internacional, drets de tercers o la moral i l&#8217;ordre p\u00fablic. En cas que l&#8217;usuari consideri que existeix al lloc web algun contingut que pogu\u00e9s ser susceptible d&#8217;aquesta classificaci\u00f3, es prega ho notifiqui de forma immediata a l&#8217;administrador del lloc web.<\/p>\n<p>Aquest lloc web ha estat revisat i provat perqu\u00e8 funcioni correctament. En principi, es pot garantir el correcte funcionament els 365 dies de l&#8217; any, 24 hores al dia. No obstant aix\u00f2, el prestador no descarta la possibilitat que hi hagi certs errors de programaci\u00f3, o que s&#8217;esdevinguin causes de for\u00e7a major, cat\u00e0strofes naturals, vagues, o circumst\u00e0ncies semblants que facin impossible l&#8217;acc\u00e9s a la p\u00e0gina web.<\/p>\n<p><strong>Protecci\u00f3 de dades personals<\/strong><\/p>\n<p>El prestador es troba profundament comprom\u00e8s amb el compliment de la normativa espanyola de protecci\u00f3 de dades de car\u00e0cter personal, i garanteix el compliment \u00edntegre de les obligacions de la Llei Org\u00e0nica 3\/2018, de 5 de desembre, de Protecci\u00f3 de Dades Personals i garantia dels drets digitals, aix\u00ed com la implementaci\u00f3 de les mesures de seguretat disposades en el REGLAMENT (UE) 2016\/679 DEL PARLAMENT EUROPEU I DEL CONSELL de 27 d&#8217;abril de 2016 relatiu a la protecci\u00f3 de les persones f\u00edsiques pel que fa al tractament de dades personals i a la lliure circulaci\u00f3 d&#8217;aquestes dades (RGPD). El prestador posa a disposici\u00f3 dels usuaris la <em><br \/>\n  <u>Pol\u00edtica de Privacitat de l&#8217; entitat<\/u><br \/>\n<\/em> informant els usuaris segons l&#8217; especificat als articles 13 i 14 del RGPD, relatius al dret d&#8217; informaci\u00f3 de les persones interessades.<\/p>\n<p><strong>Propietat Intel\u00b7lectual i industrial<\/strong><\/p>\n<p>El lloc web, incloent a t\u00edtol enunciatiu per\u00f2 no limitatiu la seva programaci\u00f3, edici\u00f3, compilaci\u00f3 i altres elements necessaris per al seu funcionament, els dissenys, logotips, text i\/o gr\u00e0fics s\u00f3n propietat del prestador o en el seu cas disposa de llic\u00e8ncia o autoritzaci\u00f3 expressa per part dels autors. Tots els continguts del lloc web es troben degudament protegits per la normativa de propietat intel\u00b7lectual i industrial, aix\u00ed com inscrits en els registres p\u00fablics corresponents.<\/p>\n<p>Independentment de la finalitat per a la qual fossin destinats, la reproducci\u00f3 total o parcial, \u00fas, explotaci\u00f3, distribuci\u00f3 i comercialitzaci\u00f3, requereix en tot cas de l&#8217; autoritzaci\u00f3 escrita pr\u00e8via per part del prestador. Qualsevol \u00fas no autoritzat pr\u00e8viament per part del prestador ser\u00e0 considerat un incompliment greu dels drets de propietat intel\u00b7lectual o industrial de l&#8217;autor.<\/p>\n<p>Els dissenys, logotips, text i\/o gr\u00e0fics aliens al prestador i que poguessin apar\u00e8ixer al lloc web, pertanyen als seus respectius propietaris, sent ells mateixos responsables de qualsevol possible controv\u00e8rsia que pogu\u00e9s suscitar-se respecte als mateixos. En tot cas, el prestador compta amb l&#8217; autoritzaci\u00f3 expressa i pr\u00e8via per part dels mateixos.<\/p>\n<p>El prestador reconeix a favor dels seus titulars els corresponents drets de propietat industrial i intel\u00b7lectual, no implicant la seva sola menci\u00f3 o aparici\u00f3 en el lloc web l&#8217;exist\u00e8ncia de drets o cap responsabilitat del prestador sobre els mateixos, com tampoc recolzament, patrocini o recomanaci\u00f3 per part del mateix.<\/p>\n<p>Per realitzar qualsevol tipus d&#8217;observaci\u00f3 respecte a possibles incompliments dels drets de propietat intel\u00b7lectual o industrial, aix\u00ed com sobre qualsevol dels continguts del lloc web, pot fer-ho a trav\u00e9s del seg\u00fcent correu electr\u00f2nic.<\/p>\n<p><strong>Llei Aplicable i Jurisdicci\u00f3<\/strong><\/p>\n<p>Per a la resoluci\u00f3 de totes les controv\u00e8rsies o q\u00fcestions relacionades amb el present lloc web o de les activitats en ell desenvolupades, ser\u00e0 d&#8217;aplicaci\u00f3 la legislaci\u00f3 espanyola, a la qual se sotmeten expressament les parts, sent competents per a la resoluci\u00f3 de tots els conflictes derivats o relacionats amb el seu \u00fas els Jutjats i Tribunals de Barcelona.<\/p>\n\t\t\t\t\t\t\t\t<\/div>\n\t\t\t\t<\/div>\n\t\t\t\t\t<\/div>\n\t\t<\/div>\n\t\t\t\t\t<\/div>\n\t\t<\/section>\n\t\t\t\t<\/div>\n\t\t","protected":false},"excerpt":{"rendered":"<p>Av\u00eds Legal Denominaci\u00f3 Social: ABRASSAME SL Nom Comercial: Restaurant Abrassame Domicili Social: Gran Via de les Corts Catalanes, 373 \u2013 385, 08015 Barcelona CIF \/ NIF: B65733230 e-Mail: hola@abrassame.com Objecte&hellip;<\/p>\n","protected":false},"author":1,"featured_media":0,"parent":0,"menu_order":0,"comment_status":"closed","ping_status":"closed","template":"","meta":{"_joinchat":[],"footnotes":""},"class_list":["post-19725","page","type-page","status-publish","hentry"],"yoast_head":"<!-- This site is optimized with the Yoast SEO plugin v25.5 - https:\/\/yoast.com\/wordpress\/plugins\/seo\/ -->\n<title>Av\u00eds Legal - Restaurante Abrassame<\/title>\n<meta name=\"robots\" content=\"noindex, nofollow\" \/>\n<meta property=\"og:locale\" content=\"ca_ES\" \/>\n<meta property=\"og:type\" content=\"article\" \/>\n<meta property=\"og:title\" content=\"Av\u00eds Legal - Restaurante Abrassame\" \/>\n<meta property=\"og:description\" content=\"Av\u00eds Legal Denominaci\u00f3 Social: ABRASSAME SL Nom Comercial: Restaurant Abrassame Domicili Social: Gran Via de les Corts Catalanes, 373 \u2013 385, 08015 Barcelona CIF \/ NIF: B65733230 e-Mail: hola@abrassame.com Objecte&hellip;\" \/>\n<meta property=\"og:url\" content=\"https:\/\/restauranteabrassame.com\/ca\/avis-legal\/\" \/>\n<meta property=\"og:site_name\" content=\"Restaurante Abrassame\" \/>\n<meta property=\"article:publisher\" content=\"https:\/\/www.facebook.com\/RestauranteAbrassame\" \/>\n<meta property=\"article:modified_time\" content=\"2024-02-28T21:52:58+00:00\" \/>\n<meta name=\"twitter:card\" content=\"summary_large_image\" \/>\n<meta name=\"twitter:label1\" content=\"Temps estimat de lectura\" \/>\n\t<meta name=\"twitter:data1\" content=\"5 minuts\" \/>\n<script type=\"application\/ld+json\" class=\"yoast-schema-graph\">{\"@context\":\"https:\/\/schema.org\",\"@graph\":[{\"@type\":\"WebPage\",\"@id\":\"https:\/\/restauranteabrassame.com\/ca\/avis-legal\/\",\"url\":\"https:\/\/restauranteabrassame.com\/ca\/avis-legal\/\",\"name\":\"Av\u00eds Legal - Restaurante Abrassame\",\"isPartOf\":{\"@id\":\"https:\/\/restauranteabrassame.com\/ca\/#website\"},\"datePublished\":\"2023-12-15T09:01:57+00:00\",\"dateModified\":\"2024-02-28T21:52:58+00:00\",\"breadcrumb\":{\"@id\":\"https:\/\/restauranteabrassame.com\/ca\/avis-legal\/#breadcrumb\"},\"inLanguage\":\"ca\",\"potentialAction\":[{\"@type\":\"ReadAction\",\"target\":[\"https:\/\/restauranteabrassame.com\/ca\/avis-legal\/\"]}]},{\"@type\":\"BreadcrumbList\",\"@id\":\"https:\/\/restauranteabrassame.com\/ca\/avis-legal\/#breadcrumb\",\"itemListElement\":[{\"@type\":\"ListItem\",\"position\":1,\"name\":\"Portada\",\"item\":\"https:\/\/restauranteabrassame.com\/ca\/\"},{\"@type\":\"ListItem\",\"position\":2,\"name\":\"Av\u00eds Legal\"}]},{\"@type\":\"WebSite\",\"@id\":\"https:\/\/restauranteabrassame.com\/ca\/#website\",\"url\":\"https:\/\/restauranteabrassame.com\/ca\/\",\"name\":\"Restaurante Abrassame\",\"description\":\"Cocina Mediterr\u00e1nea en Barcelona\",\"publisher\":{\"@id\":\"https:\/\/restauranteabrassame.com\/ca\/#organization\"},\"potentialAction\":[{\"@type\":\"SearchAction\",\"target\":{\"@type\":\"EntryPoint\",\"urlTemplate\":\"https:\/\/restauranteabrassame.com\/ca\/?s={search_term_string}\"},\"query-input\":{\"@type\":\"PropertyValueSpecification\",\"valueRequired\":true,\"valueName\":\"search_term_string\"}}],\"inLanguage\":\"ca\"},{\"@type\":\"Organization\",\"@id\":\"https:\/\/restauranteabrassame.com\/ca\/#organization\",\"name\":\"Restaurante Abrassame\",\"url\":\"https:\/\/restauranteabrassame.com\/ca\/\",\"logo\":{\"@type\":\"ImageObject\",\"inLanguage\":\"ca\",\"@id\":\"https:\/\/restauranteabrassame.com\/ca\/#\/schema\/logo\/image\/\",\"url\":\"https:\/\/restauranteabrassame.com\/wp-content\/uploads\/2023\/09\/rest-abrassame.png\",\"contentUrl\":\"https:\/\/restauranteabrassame.com\/wp-content\/uploads\/2023\/09\/rest-abrassame.png\",\"width\":800,\"height\":800,\"caption\":\"Restaurante Abrassame\"},\"image\":{\"@id\":\"https:\/\/restauranteabrassame.com\/ca\/#\/schema\/logo\/image\/\"},\"sameAs\":[\"https:\/\/www.facebook.com\/RestauranteAbrassame\",\"https:\/\/www.instagram.com\/restauranteabrassame\/\"]}]}<\/script>\n<!-- \/ Yoast SEO plugin. -->","yoast_head_json":{"title":"Av\u00eds Legal - Restaurante Abrassame","robots":{"index":"noindex","follow":"nofollow"},"og_locale":"ca_ES","og_type":"article","og_title":"Av\u00eds Legal - Restaurante Abrassame","og_description":"Av\u00eds Legal Denominaci\u00f3 Social: ABRASSAME SL Nom Comercial: Restaurant Abrassame Domicili Social: Gran Via de les Corts Catalanes, 373 \u2013 385, 08015 Barcelona CIF \/ NIF: B65733230 e-Mail: hola@abrassame.com Objecte&hellip;","og_url":"https:\/\/restauranteabrassame.com\/ca\/avis-legal\/","og_site_name":"Restaurante Abrassame","article_publisher":"https:\/\/www.facebook.com\/RestauranteAbrassame","article_modified_time":"2024-02-28T21:52:58+00:00","twitter_card":"summary_large_image","twitter_misc":{"Temps estimat de lectura":"5 minuts"},"schema":{"@context":"https:\/\/schema.org","@graph":[{"@type":"WebPage","@id":"https:\/\/restauranteabrassame.com\/ca\/avis-legal\/","url":"https:\/\/restauranteabrassame.com\/ca\/avis-legal\/","name":"Av\u00eds Legal - Restaurante Abrassame","isPartOf":{"@id":"https:\/\/restauranteabrassame.com\/ca\/#website"},"datePublished":"2023-12-15T09:01:57+00:00","dateModified":"2024-02-28T21:52:58+00:00","breadcrumb":{"@id":"https:\/\/restauranteabrassame.com\/ca\/avis-legal\/#breadcrumb"},"inLanguage":"ca","potentialAction":[{"@type":"ReadAction","target":["https:\/\/restauranteabrassame.com\/ca\/avis-legal\/"]}]},{"@type":"BreadcrumbList","@id":"https:\/\/restauranteabrassame.com\/ca\/avis-legal\/#breadcrumb","itemListElement":[{"@type":"ListItem","position":1,"name":"Portada","item":"https:\/\/restauranteabrassame.com\/ca\/"},{"@type":"ListItem","position":2,"name":"Av\u00eds Legal"}]},{"@type":"WebSite","@id":"https:\/\/restauranteabrassame.com\/ca\/#website","url":"https:\/\/restauranteabrassame.com\/ca\/","name":"Restaurante Abrassame","description":"Cocina Mediterr\u00e1nea en Barcelona","publisher":{"@id":"https:\/\/restauranteabrassame.com\/ca\/#organization"},"potentialAction":[{"@type":"SearchAction","target":{"@type":"EntryPoint","urlTemplate":"https:\/\/restauranteabrassame.com\/ca\/?s={search_term_string}"},"query-input":{"@type":"PropertyValueSpecification","valueRequired":true,"valueName":"search_term_string"}}],"inLanguage":"ca"},{"@type":"Organization","@id":"https:\/\/restauranteabrassame.com\/ca\/#organization","name":"Restaurante Abrassame","url":"https:\/\/restauranteabrassame.com\/ca\/","logo":{"@type":"ImageObject","inLanguage":"ca","@id":"https:\/\/restauranteabrassame.com\/ca\/#\/schema\/logo\/image\/","url":"https:\/\/restauranteabrassame.com\/wp-content\/uploads\/2023\/09\/rest-abrassame.png","contentUrl":"https:\/\/restauranteabrassame.com\/wp-content\/uploads\/2023\/09\/rest-abrassame.png","width":800,"height":800,"caption":"Restaurante Abrassame"},"image":{"@id":"https:\/\/restauranteabrassame.com\/ca\/#\/schema\/logo\/image\/"},"sameAs":["https:\/\/www.facebook.com\/RestauranteAbrassame","https:\/\/www.instagram.com\/restauranteabrassame\/"]}]}},"_links":{"self":[{"href":"https:\/\/restauranteabrassame.com\/ca\/wp-json\/wp\/v2\/pages\/19725","targetHints":{"allow":["GET"]}}],"collection":[{"href":"https:\/\/restauranteabrassame.com\/ca\/wp-json\/wp\/v2\/pages"}],"about":[{"href":"https:\/\/restauranteabrassame.com\/ca\/wp-json\/wp\/v2\/types\/page"}],"author":[{"embeddable":true,"href":"https:\/\/restauranteabrassame.com\/ca\/wp-json\/wp\/v2\/users\/1"}],"replies":[{"embeddable":true,"href":"https:\/\/restauranteabrassame.com\/ca\/wp-json\/wp\/v2\/comments?post=19725"}],"version-history":[{"count":3,"href":"https:\/\/restauranteabrassame.com\/ca\/wp-json\/wp\/v2\/pages\/19725\/revisions"}],"predecessor-version":[{"id":19773,"href":"https:\/\/restauranteabrassame.com\/ca\/wp-json\/wp\/v2\/pages\/19725\/revisions\/19773"}],"wp:attachment":[{"href":"https:\/\/restauranteabrassame.com\/ca\/wp-json\/wp\/v2\/media?parent=19725"}],"curies":[{"name":"wp","href":"https:\/\/api.w.org\/{rel}","templated":true}]}}